{"id":616,"date":"2012-03-24T11:55:38","date_gmt":"2012-03-24T10:55:38","guid":{"rendered":"http:\/\/www.carmelocelona.com\/?post_type=evento&#038;p=616"},"modified":"2025-07-31T20:02:27","modified_gmt":"2025-07-31T18:02:27","slug":"pianificazione-territoriale-e-trasporti","status":"publish","type":"evento","link":"http:\/\/www.carmelocelona.com\/index.php\/evento\/pianificazione-territoriale-e-trasporti\/","title":{"rendered":"Pianificazione Territoriale e Trasporti"},"content":{"rendered":"<p>Conferenza sul tema:<\/p>\n<p>&#8220;<strong><em>Il Sud nel Labirinto\u201d<\/em><\/strong><\/p>\n<p><strong><em>Irrazionalit\u00e0, indecisione, insipienza nelle politiche dei trasporti<\/em><\/strong><\/p>\n<p>&nbsp;<\/p>\n<p>Sabato 24 marzo 2012 &#8211; ore 10.00<\/p>\n<p>Aula Magna Facolt\u00e0 di Economia \u2013 Universit\u00e0 di Messina<\/p>\n<p>&nbsp;<\/p>\n<p>evento organizzato da:<\/p>\n<p><strong>Nuova Politica<\/strong><\/p>\n<p><strong>\u00a0<\/strong><\/p>\n<p><strong>Moderatore<\/strong>:<\/p>\n<p>&#8211; prof. Pierangelo Grimaudo (<em>Docente di Diritto Pubblico nell\u2019Universit\u00e0 di Messina)<\/em><\/p>\n<p>&nbsp;<\/p>\n<p><strong>Introduzione<\/strong>:<\/p>\n<p>&#8211; prof. Giovanni Moschella (<em>Preside della Facolt\u00e0 di Economia dell\u2019Universit\u00e0 di Messina<\/em>)<\/p>\n<p>&nbsp;<\/p>\n<p><strong>Relatori<\/strong>:<\/p>\n<p>&#8211; prof. Giuseppe Vermiglio (<em>Docente di Dritto della navigazione nella di Economia dell\u2019Universit\u00e0 di Messina.<\/em>);<\/p>\n<p>&#8211; arch. Carmelo Celona (U<em>rbanista<\/em>)<\/p>\n<p>&nbsp;<\/p>\n<p><strong>tavola rotonda<\/strong>:<\/p>\n<p>&#8211;\u00a0 \u00a0Antonio Richichi\u00a0\u00a0\u00a0 \u00a0\u00a0\u00a0\u00a0(<em>Associazione Trasportatori<\/em>)\u00a0;<\/p>\n<p>&#8211;\u00a0 \u00a0Maurizio Riposo\u00a0 \u00a0 \u00a0 \u00a0 \u00a0(<em>Segretario Provinciale ORSA<\/em>)\u00a0;<\/p>\n<p>&#8211; \u00a0\u00a0\u00a0Ivo Blandina\u00a0\u00a0\u00a0\u00a0\u00a0\u00a0\u00a0\u00a0\u00a0\u00a0 \u00a0\u00a0\u00a0\u00a0(<em>Presidente Confindustria Sicilia)<\/em>;<\/p>\n<p>&#8211;\u00a0\u00a0 Lillo Oceano\u00a0 \u00a0 \u00a0 \u00a0 \u00a0 \u00a0 \u00a0 \u00a0 \u00a0(<em>Segretario provinciale CGIL Messina<\/em>)\u00a0;<\/p>\n<p>&#8211; Costantino Amato\u00a0 \u00a0 \u00a0 \u00a0 (<em>Segretario Generale UIL<\/em>)\u00a0;<\/p>\n<p>&#8211;\u00a0 \u00a0Enzo Testa\u00a0 \u00a0 \u00a0 \u00a0 \u00a0 \u00a0 \u00a0 \u00a0 \u00a0 \u00a0 (<em>Segretario Generale FIT- CISL)<\/em>;<\/p>\n<p>&#8211;\u00a0\u00a0 Francesco Barbalace\u00a0 (<em>Fondazione Nuovo Meridione<\/em>)<\/p>\n<p>&nbsp;<\/p>\n<p>I lavori sono stati centrati sulla deficitaria politica dei trasporti nazionali ed in particolar modo nel sud. Una condizione che crea notevoli svantaggi sociali, civili ed economici in molte aree del Meridione Italia. Il tema del convegno si e sviluppato a partire dalla denuncia introduttiva e dalle relazioni tecnico-scientifiche dei due relatori che sono servite da piattaforma di discussione alla successiva tavola rotonda alla quale hanno partecipato rappresentanti della politica sindacale e\u00a0 addetti ai lavori. Le conclusioni del <em>prof. Grimaudo<\/em>, sentiti i relatori e tutti gli interventi, hanno delineato uno scenario di criticit\u00e0 del sistema trasportistico del sud che non pu\u00f2 pi\u00f9 attendere altro tempo per una risoluzione.<\/p>\n<p>&nbsp;<\/p>\n<p>La relazione del prof. Vermiglio:<\/p>\n<p>&#8220;<strong> Il Sud nel labirinto. Irrazionalit\u00e0, indecisione, insipienza nelle politiche dei trasporti\u201d<\/strong><\/p>\n<p>ha illustrato Il labirinto del sottosviluppo nel quale le popolazioni del Sud continuano a vagare indecise ed incapaci di scegliere una direzione razionale nel governo del territorio e nelle politiche delle infrastrutture e dei trasporti, effetto, prevedibile, prodotto da ritardi ed indecisioni nella realizzazione di scelte strategiche elaborate negli anni 80 dall\u2019Europa, e indotto dal processo di trasformazione del nostro ordinamento in senso federale, avviato negli anni 90 con la nuova Costituzione economica materiale che si va consolidando in conseguenza del trattato di Maastricht e dell\u2019adesione dell\u2019Italia all\u2019euro.<\/p>\n<p>I due fattori si intrecciano e concorrono a determinare insieme lo stato di arretratezza del sistema paese, a tutti noto, e il distacco progressivo della Calabria e della Sicilia e di parte della Basilicata, dalle reti europee transcontinentali, non ancora pienamente avvertito a tutti i livelli, ma altrettanto preoccupante.<\/p>\n<p>Governo del territorio, grandi reti di trasporto e di navigazione, porti ed aeroporti sono le nuove \u201cmaterie\u201d che l\u2019art.117 della costituzione, nel testo novellato dalla legge costituzionale n. 3\/2001, attribuisce alla potest\u00e0 legislativa concorrente di Stato e Regioni. E se non ci siamo nelle reti e perch\u00e8 le nostre Regioni Basilicata, Calabria e Sicilia si sono auto escluse. Il federalismo \u00e8 gi\u00e0 da tempo cominciato e la distanza tra le due Italie si \u00e8 tanto allargata nei collegamenti terrestri, ferroviari, marittimi ed aerei da costituire di fatto una frattura che marginalizza ed esclude un terzo del paese.<\/p>\n<p>Il pericolo di una marginalizzazione definitiva della Sicilia e della Calabria dalle reti europee e mondiali del trasporto e del commercio internazionale, denunciato per tempo \u00e8 rimasto purtroppo chiuso nei circoli ristretti degli addetti ai lavori. Si \u00e8 deciso di non decidere.<\/p>\n<p>La fatalistica inerzia nel decidere di non decidere \u00e8 stata e continua ad essere la causa che svuota di significato ogni tentativo di rinascita e di sviluppo del Sud, che degrada irreversibilmente smarrendosi nel labirinto del non fare.<\/p>\n<p>&nbsp;<\/p>\n<p>La relazione dell&#8217;arch. Celona:<\/p>\n<p>&#8220;<strong>Pianificazione territoriale e Sistema dei Trasporti<em>: La necessit\u00e0 di un approccio integrato tra infrastrutture e uso dei suoli\u201d<\/em><\/strong><\/p>\n<p>ha illustrato l\u2019asimmetrico rapporto tra il sistema di realizzazione delle infrastrutture trasportistiche e la pianificazione territoriale, La disciplina dei suoli dettata dai PRG locali insedia attivit\u00e0 e funzioni sul territorio che condizionano il sistema della mobilit\u00e0 sia quella sia scala urbana che a scala extra urbana e territoriale.<\/p>\n<p>I due sistemi bisogno di una interazione pi\u00f9 sincronica per superare il pernicioso un grande divario tra la progettazione e la realizzazione dei sistemi di trasporto, che agisce su vasta scala, e la disciplina urbanistica che insedia funzioni e attivit\u00e0 su scala urbana e territoriale che richiedono un complementare supporto dei sistemi di mobilit\u00e0 per evitare che le attivit\u00e0 insediate non finiscano per essere delle cattedrali nel deserto o rischiano sterilit\u00e0 funzionali.<\/p>\n<p>Sorge il bisogno di una interazione tra le due discipline (quella trasportistica e quella urbanistica).<\/p>\n<p>Due sistemi che operano a velocit\u00e0 diverse. I soggetti che attuano la pianificazione urbanistica agiscono prevalentemente a livello locale mentre i soggetti che attuano i processi trasportistici agiscono su grande scala, manca un uno visione simbiotica.<\/p>\n<p><em>\u00a0<\/em><\/p>\n<p>la soluzione \u00e8 una nuova strategica di <em>Governo del Territorio<\/em> nazionale, interregionale, regionale, provinciale, metropolitano, urbano e rionale operata attraverso nuovi strumenti tecnici di pianificazione e nuove procedure che siano simbiotici<\/p>\n<p>Bisogna pensare a nuovi strumenti di procedure e che creino automatiche sinergie tra i due sistemi analizzati.<\/p>\n","protected":false},"featured_media":619,"template":"","cat_attivita":[5],"_links":{"self":[{"href":"http:\/\/www.carmelocelona.com\/index.php\/wp-json\/wp\/v2\/evento\/616"}],"collection":[{"href":"http:\/\/www.carmelocelona.com\/index.php\/wp-json\/wp\/v2\/evento"}],"about":[{"href":"http:\/\/www.carmelocelona.com\/index.php\/wp-json\/wp\/v2\/types\/evento"}],"wp:featuredmedia":[{"embeddable":true,"href":"http:\/\/www.carmelocelona.com\/index.php\/wp-json\/wp\/v2\/media\/619"}],"wp:attachment":[{"href":"http:\/\/www.carmelocelona.com\/index.php\/wp-json\/wp\/v2\/media?parent=616"}],"wp:term":[{"taxonomy":"cat_attivita","embeddable":true,"href":"http:\/\/www.carmelocelona.com\/index.php\/wp-json\/wp\/v2\/cat_attivita?post=616"}],"curies":[{"name":"wp","href":"https:\/\/api.w.org\/{rel}","templated":true}]}}